{"id":749,"date":"2020-10-28T08:10:55","date_gmt":"2020-10-28T08:10:55","guid":{"rendered":"https:\/\/mogenstanketank.dk\/?page_id=749"},"modified":"2025-11-21T12:22:27","modified_gmt":"2025-11-21T11:22:27","slug":"service-1","status":"publish","type":"page","link":"https:\/\/mogenstanketank.dk\/?page_id=749","title":{"rendered":"Musik og medier"},"content":{"rendered":"<p>&nbsp;<\/p>\n<audio class=\"wp-audio-shortcode\" id=\"audio-749-1\" preload=\"none\" style=\"width: 100%;\" controls=\"controls\"><source type=\"audio\/mpeg\" src=\"https:\/\/mogenstanketank.dk\/wp-content\/uploads\/2025\/11\/Vi-moedes-i-sange-4stemmer-2-becif.mp3?_=1\" \/><a href=\"https:\/\/mogenstanketank.dk\/wp-content\/uploads\/2025\/11\/Vi-moedes-i-sange-4stemmer-2-becif.mp3\">https:\/\/mogenstanketank.dk\/wp-content\/uploads\/2025\/11\/Vi-moedes-i-sange-4stemmer-2-becif.mp3<\/a><\/audio>\n<pre>Vi m\u00f8des i sange\r\n\r\n<span style=\"font-size: medium;\"><span style=\"font-size: large;\"><b>Vi m\u00f8des i sange <\/b><\/span> <\/span>\r\n<span style=\"font-size: medium;\">Tekst: Iben Krogsdal, i anledning af Kor72s 50 \u00e5rs-jubil\u00e6um <\/span>\r\n<span style=\"font-size: medium;\">I 2021 blev der udskrevet en konkurrence om den bedste melodi til Iben Krogsdals digt. Jeg var en blandt ca 180 som sendte forslag. Jeg vandt naturligvis ikke; <\/span><span style=\"font-size: medium;\">men jeg kunne som sanginteresseret ikke slippe s\u00e5dan en sangtitel. <\/span>\r\n\r\n<span style=\"font-family: Comic Sans MS, cursive;\"><span style=\"font-size: medium;\">Navnet: <span style=\"font-size: large;\">Vi m\u00f8des i sange der ventede p\u00e5 os. <\/span><\/span><\/span>\r\n<span style=\"font-size: medium;\">Og jeg ville tilf\u00f8re en type melodi som jeg ikke h\u00f8rer s\u00e5 ofte i H\u00f8jskolesangbogen. <\/span><span style=\"font-size: medium;\">Man m\u00e5tte f\u00f8rst lave et arrangement n\u00e5r vindermelodien havde f\u00e5et et. Jeg synes, det var sv\u00e6rt.<\/span>\r\n\r\n\r\n<\/pre>\n<pre>Sopran: har melodien\r\nAlt: med og mod sopran, ellers ofte grundtonen hvor bas er et andet sted.\r\nTenor: meget nynne\/liggetone\r\nBas: traditionel, oftest grundtonen eller terts\r\n\r\n\r\n<\/pre>\n<pre><span style=\"font-size: medium;\"> \u00a0 \u00a0 \u00a0 \u00a0 \u00a0 \u00a0 \u00a0 \u00a0 \u00a0 \u00a0 \u00a0 \u00a0 \u00a0 \u00a0 \u00a0 \u00a0 \u00a0 \u00a0 \u00a0 \u00a0 \u00a0 \u00a0 \u00a0 \u00a0 \u00a0 \u00a0 \u00a0 \u00a0 \u00a0 \u00a0 \u00a0 \u00a0 \u00a0 \u00a0 \u00a0 \u00a0 \u00a0 \u00a0 \u00a0 \u00a0 \u00a0 \u00a0 \u00a0 \u00a0 \u00a0 \u00a0 \u00a0 \u00a0 \u00a0 \u00a0  <\/span><span style=\"font-size: medium;\">Alt: med og mod sopran, ellers ofte grundtonen hvor bas er et andet sted.\u00a0 \u00a0 \u00a0 \u00a0 \u00a0 \u00a0 \u00a0 \u00a0 \u00a0 \u00a0 \u00a0 \u00a0 \u00a0 \u00a0 <\/span><span style=\"font-size: medium;\">Tenor: meget nynne\/liggetone\u00a0 \u00a0 \u00a0 \u00a0 \u00a0 \u00a0 \u00a0 \u00a0 \u00a0 \u00a0 \u00a0 \u00a0 \u00a0 \u00a0 \u00a0 \u00a0 \u00a0 \u00a0 \u00a0 \u00a0 \u00a0 \u00a0 \u00a0 \u00a0 \u00a0 \u00a0 \u00a0 \u00a0 \u00a0 \u00a0 \u00a0 \u00a0 \u00a0 \u00a0 \u00a0 \u00a0 \u00a0 \u00a0 \u00a0 \u00a0 \u00a0 \u00a0 \u00a0 \u00a0 \u00a0 \u00a0 \u00a0 \u00a0 \u00a0 <\/span><span style=\"font-size: medium;\">Bas: traditionel, oftest grundtonen eller terts\u00a0 \u00a0\u00a0<\/span>\r\n\r\n<span style=\"font-size: medium;\">De vers som jeg synes bedst om:<\/span>\r\n<span style=\"font-size: medium;\">1.Vi m\u00f8-des i san-ge, der ven-te-de p\u00e5 os<\/span>\r\n<span style=\"font-size: medium;\">i tan-ker-nes stil-hed, i dag-dr\u00f8m-mes brus,<\/span>\r\n<span style=\"font-size: medium;\">i h\u00e5-bet om frem-ti-den, in-gen kan sp\u00e5 os,<\/span>\r\n<span style=\"font-size: medium;\">i u-kend-te for-\u00e5rs u-tro-li-ge sus. Og h\u00f8r:<\/span>\r\n<span style=\"font-size: medium;\">Det, der sti-ger som so-len i-blandt os, er san-gen <\/span>\r\n<span style=\"font-size: medium;\">- den sto-re \u2013 der en-de-lig fandt os.<\/span>\r\n\r\n<span style=\"font-size: medium;\">2. I dybet af hjerter vil sangskatten lyse<\/span>\r\n<span style=\"font-size: medium;\">n\u00e5r kulden og m\u00f8rket i verden f\u00e5r magt,<\/span>\r\n<span style=\"font-size: medium;\">for ingen, der synger, kan fuldst\u00e6ndig fryse,<\/span>\r\n<span style=\"font-size: medium;\">og ingen, der synger, er uden kontakt. Og h\u00f8r: <\/span>\r\n<span style=\"font-size: medium;\">Under sang kan vi kun v\u00e6re venner <\/span>\r\nog livstr\u00e5den i os \u2013 f\u00e5r lysere ender\r\n\r\n<span style=\"font-size: medium;\">3. Vi synger hinanden derud hvor det g\u00e6lder, <\/span>\r\n<span style=\"font-size: medium;\">vi \u00e5bner for sl\u00e6gternes arv i os selv, <\/span>\r\n<span style=\"font-size: medium;\">vi deler hvad alle de gamle fort\u00e6ller, <\/span>\r\n<span style=\"font-size: medium;\">vi giver hinanden et h\u00f8jere hv\u00e6lv. Og h\u00f8r: <\/span>\r\n<span style=\"font-size: medium;\">Vores livssang \u2013 den store \u2013 begynder i sm\u00e5 <\/span>\r\n<span style=\"font-size: medium;\">melodier, der v\u00e5gner og nynner.<\/span>\r\n\r\n<span style=\"font-size: medium;\">4. S\u00e5 synger vi modigt til h\u00e5rdheden ryster <\/span>\r\n<span style=\"font-size: medium;\">og alt, hvad vi h\u00e5ber, f\u00e5r toner, der gror<\/span>\r\n<span style=\"font-size: medium;\">og pludselig g\u00e5r vi p\u00e5 solvendte kyster <\/span>\r\n<span style=\"font-size: medium;\">og m\u00e6rker, vi h\u00f8rer til hverdagens kor. Og h\u00f8r: <\/span>\r\n<span style=\"font-size: medium;\">Der hvor stemmerne virkelig m\u00f8des er tid til <\/span>\r\n<span style=\"font-size: medium;\">at elske \u2013 og dr\u00f8mme og f\u00f8des. <\/span><\/pre>\n<div style=\"width: 580px;\" class=\"wp-video\"><video class=\"wp-video-shortcode\" id=\"video-749-1\" width=\"580\" height=\"326\" preload=\"metadata\" controls=\"controls\"><source type=\"video\/mp4\" src=\"https:\/\/mogenstanketank.dk\/wp-content\/uploads\/2025\/01\/20240517_213407-1.mp4?_=1\" \/><a href=\"https:\/\/mogenstanketank.dk\/wp-content\/uploads\/2025\/01\/20240517_213407-1.mp4\">https:\/\/mogenstanketank.dk\/wp-content\/uploads\/2025\/01\/20240517_213407-1.mp4<\/a><\/video><\/div>\n<p>&#8211; Aftenklokke v\u00e6kker minder &#8211;<\/p>\n<p>1. H\u00f8r klok-ken ring-er sol-en ned.<br \/>\nDet f\u00e5r jeg tu-sind tan-ker ved.<\/p>\n<p>2. Min f\u00f8-de-by med mark og lund:<br \/>\nden glem-mes al-drig nog-en stund,<\/p>\n<p>3. og gl\u00e6-de fra en ung-doms-tid<br \/>\nmed gla-de ven-ner u-den strid;<\/p>\n<p>4. Men min-der kun &#8211; jeg ser dem ej,<br \/>\nfandt ny-e ven-ner p\u00e5 min vej.<\/p>\n<p>5. Og slut-ter vi end vor-es sang,<br \/>\ns\u00e5 ly-der sta-dig klok-kens klang.<\/p>\n<p>6. Nu, klok-ke-klang-en er for-bi.<br \/>\nDen gav mig min-der \u2013 in-den-i.<\/p>\n<p>Jeg var lidt misundelig p\u00e5 Benny Andersen, som fandt en russisk sang og kaldte den \u201dBj\u00f8rnen v\u00e5gner\u201d.<br \/>\nS\u00e5 jeg s\u00f8gte ogs\u00e5 og stoppede ved den russiske \u201dfolkemelodi\u201d, tysk: Abendglocken, lyttede i \u00e5revis til Ivan Rebroff og andre og teksten p\u00e5 russisk, som jeg ikke forstod.<br \/>\nMen det gik op for mig efter mange \u00e5r, at der var b\u00e5de en russisk komponist og digter bag. En popul\u00e6r russisk sang skrevet i 1828 af Ivan Kozlov and Alexander Alyabyev.<br \/>\nOg s\u00e5 viste det sig, at den faktisk stammede fra et 500 \u00e5r gammelt engelsk digt af Thomas Moore, som var oversat til russisk.<br \/>\nDen ville jeg gendigte, s\u00e5 den p\u00e5 dansk passede til melodien.<br \/>\nJeg k\u00e6mper stadig med justering af teksten, som skal v\u00e6re kort, rumme meget, rime, have tema som ligner det oprindelige, men ikke v\u00e6re s\u00e5 s\u00f8rgelig som den originale.<br \/>\nDer er vildt mange muligheder i s\u00e5dan en sang med vers p\u00e5 blot to linjer. Men jeg endte forel\u00f8big med denne udgave, hvor alle f\u00e5r lov til at synge melodien. Varer 2,10 min. ved afspillet hastighed.<br \/>\nVariationer:<br \/>\nBasstemme,<br \/>\nsopran-andenstemme lydord,<br \/>\naltstemme og tenorstemme med klokke-efterligninger.<br \/>\nTenor og sopran f\u00e5r i et vers mulighed for at g\u00e5 til det h\u00f8je (a).<\/p>\n","protected":false},"excerpt":{"rendered":"<p>&nbsp; Vi m\u00f8des i sange Vi m\u00f8des i sange Tekst: Iben Krogsdal, i anledning af Kor72s 50 \u00e5rs-jubil\u00e6um I 2021 blev der udskrevet en konkurrence om den bedste melodi til Iben Krogsdals digt. Jeg var en blandt ca 180 som sendte forslag. Jeg vandt naturligvis ikke; men jeg kunne som sanginteresseret ikke slippe s\u00e5dan en [&hellip;]<\/p>\n","protected":false},"author":2,"featured_media":0,"parent":0,"menu_order":0,"comment_status":"closed","ping_status":"closed","template":"","meta":{"footnotes":""},"class_list":["post-749","page","type-page","status-publish","hentry"],"_links":{"self":[{"href":"https:\/\/mogenstanketank.dk\/index.php?rest_route=\/wp\/v2\/pages\/749","targetHints":{"allow":["GET"]}}],"collection":[{"href":"https:\/\/mogenstanketank.dk\/index.php?rest_route=\/wp\/v2\/pages"}],"about":[{"href":"https:\/\/mogenstanketank.dk\/index.php?rest_route=\/wp\/v2\/types\/page"}],"author":[{"embeddable":true,"href":"https:\/\/mogenstanketank.dk\/index.php?rest_route=\/wp\/v2\/users\/2"}],"replies":[{"embeddable":true,"href":"https:\/\/mogenstanketank.dk\/index.php?rest_route=%2Fwp%2Fv2%2Fcomments&post=749"}],"version-history":[{"count":14,"href":"https:\/\/mogenstanketank.dk\/index.php?rest_route=\/wp\/v2\/pages\/749\/revisions"}],"predecessor-version":[{"id":1115,"href":"https:\/\/mogenstanketank.dk\/index.php?rest_route=\/wp\/v2\/pages\/749\/revisions\/1115"}],"wp:attachment":[{"href":"https:\/\/mogenstanketank.dk\/index.php?rest_route=%2Fwp%2Fv2%2Fmedia&parent=749"}],"curies":[{"name":"wp","href":"https:\/\/api.w.org\/{rel}","templated":true}]}}